{"id":4,"date":"2014-11-18T14:16:48","date_gmt":"2014-11-18T17:16:48","guid":{"rendered":"http:\/\/dosporquesedonaopodeser.com\/?page_id=4"},"modified":"2021-08-12T23:20:46","modified_gmt":"2021-08-13T02:20:46","slug":"sobre-o-espetaculo","status":"publish","type":"page","link":"https:\/\/dosporquesedonaopodeser.com\/?page_id=4","title":{"rendered":"Sobre o Espet\u00e1culo"},"content":{"rendered":"<h1>Apresenta\u00e7\u00e3o<\/h1>\n<p>\u201cDos Porqu\u00eas e Do N\u00e3o-Pode-Ser\u201d \u00e9 uma montagem teatral engajada na proposi\u00e7\u00e3o de uma mudan\u00e7a de atitude perante a vida, atrav\u00e9s, principalmente, da vontade de supera\u00e7\u00e3o e da inclus\u00e3o social. \u00c9 mais do que um prazer est\u00e9tico, \u00e9 uma obra que coloca o espectador para pensar e o instiga a se deixar influenciar para al\u00e9m do espa\u00e7o c\u00eanico.<\/p>\n<p>Tem como premissa fundamental a capacidade incondicional de encontro entre diferentes indiv\u00edduos, cultivando a troca, e n\u00e3o a repress\u00e3o. Dialoga com os espectadores de igual para igual, com a no\u00e7\u00e3o clara de aceita\u00e7\u00e3o de si pr\u00f3prio e dos outros. Defende o direito de ser de todos os indiv\u00edduos, pois todos s\u00e3o minoria em algum momento de suas vidas. H\u00e1 infinitas caracter\u00edsticas pelas quais um indiv\u00edduo sofre opress\u00e3o e exclus\u00e3o ao longo da vida, e isso ocorre com todos. Ent\u00e3o por que n\u00e3o propor, ao inv\u00e9s da repress\u00e3o, da competi\u00e7\u00e3o violenta e do \u00f3dio, a toler\u00e2ncia, o respeito e o amor ao pr\u00f3ximo?<\/p>\n<h1>Sinopse<\/h1>\n<p>O espet\u00e1culo, disposto em arena circular, aproveitando-se da imagem de grupos de ajuda, apresenta um indiv\u00edduo que, percebendo-se diferente do coletivo, mergulha em um processo de reflex\u00e3o, questionamento, e busca de uma verdade maior sobre sua pr\u00f3pria ess\u00eancia, enfrentando, para isso, conflitos consigo mesmo e tamb\u00e9m com o coletivo. Considerado um laudo sobre o processo de cura de um paciente psiqui\u00e1trico, a montagem, onde o protagonista desse solo ir\u00e1 relatar suas experi\u00eancias, dialoga de maneira inteligente e humorada com o expectador. Sob uma perspectiva espiritual, \u00e9 a tentativa de semear nos outros o pr\u00f3prio processo de ilumina\u00e7\u00e3o que a personagem vivenciou. \u00c9 um olhar maduro de respeito ao ser humano e \u00e0 express\u00e3o de sua exist\u00eancia; de valor \u00e0 vida.<\/p>\n<h1>Hist\u00f3rico<\/h1>\n<p>\u201cDos Por Qu\u00eas e Do N\u00e3o-Pode-Ser\u201d \u00e9 uma montagem do texto hom\u00f4nimo de Luiz Felipe Botelho Paes Barreto. Surgiu ainda como projeto curricular no Departamento de Arte Dram\u00e1tica, do Instituto de Artes, da UFRGS, no ano de 2006. Tendo muito boa recep\u00e7\u00e3o do p\u00fablico, entrou na Mostra Anual Universit\u00e1ria &#8220;Teatro, Pesquisa, Extens\u00e3o&#8221; do ano seguinte. Colhendo elogios por todos os lados, inclusive do autor, o espet\u00e1culo recebeu sinal verde para prosseguir. Nos anos seguintes, ocorreram apresenta\u00e7\u00f5es em escolas, universidades, semin\u00e1rios, e algumas temporadas, inclu\u00eddo a\u00ed o Porto Ver\u00e3o Alegre. No final de 2015, um novo formato foi lan\u00e7ado em paralelo, levando o projeto para as ruas, em car\u00e1ter de interven\u00e7\u00e3o, e, aos poucos, est\u00e1 construindo mais um caminho art\u00edstico poss\u00edvel.<\/p>\n<p><!-- \/\/ #articleContentWrapper --><\/p>\n<p><!-- #post-## --><\/p>\n<div class=\"mResize\">\n<article id=\"post-249#depoimentos\" class=\"post-249 page type-page status-publish hentry\">\n<div id=\"articleBackgroungWrapper\"><\/div>\n<div id=\"articleContentWrapper\">\n<header class=\"entry-header\">\n<h1 class=\"entry-title\">Depoimentos Escritos pelo P\u00fablico<\/h1>\n<\/header>\n<div class=\"entry-content\" style=\"text-align:center;margin-top:0;margin-bottom:0;\"><img decoding=\"async\" src=\"https:\/\/dosporquesedonaopodeser.com\/IMG\/depoimentos.png\" style=\"width:100%;height:auto;\"><\/p>\n<\/div>\n<\/div>\n<\/article>\n<\/div>\n","protected":false},"excerpt":{"rendered":"<p>Apresenta\u00e7\u00e3o \u201cDos Porqu\u00eas e Do N\u00e3o-Pode-Ser\u201d \u00e9 uma montagem teatral engajada na proposi\u00e7\u00e3o de uma mudan\u00e7a de atitude perante a vida, atrav\u00e9s, principalmente, da vontade de supera\u00e7\u00e3o e da inclus\u00e3o social. \u00c9 mais do que um prazer est\u00e9tico, \u00e9 uma obra que coloca o espectador para pensar e o instiga a se deixar influenciar para [&hellip;]<\/p>\n","protected":false},"author":1,"featured_media":0,"parent":0,"menu_order":0,"comment_status":"closed","ping_status":"closed","template":"","meta":{"jetpack_post_was_ever_published":false,"footnotes":""},"jetpack_sharing_enabled":true,"jetpack_shortlink":"https:\/\/wp.me\/P5duWH-4","_links":{"self":[{"href":"https:\/\/dosporquesedonaopodeser.com\/index.php?rest_route=\/wp\/v2\/pages\/4"}],"collection":[{"href":"https:\/\/dosporquesedonaopodeser.com\/index.php?rest_route=\/wp\/v2\/pages"}],"about":[{"href":"https:\/\/dosporquesedonaopodeser.com\/index.php?rest_route=\/wp\/v2\/types\/page"}],"author":[{"embeddable":true,"href":"https:\/\/dosporquesedonaopodeser.com\/index.php?rest_route=\/wp\/v2\/users\/1"}],"replies":[{"embeddable":true,"href":"https:\/\/dosporquesedonaopodeser.com\/index.php?rest_route=%2Fwp%2Fv2%2Fcomments&post=4"}],"version-history":[{"count":13,"href":"https:\/\/dosporquesedonaopodeser.com\/index.php?rest_route=\/wp\/v2\/pages\/4\/revisions"}],"predecessor-version":[{"id":370,"href":"https:\/\/dosporquesedonaopodeser.com\/index.php?rest_route=\/wp\/v2\/pages\/4\/revisions\/370"}],"wp:attachment":[{"href":"https:\/\/dosporquesedonaopodeser.com\/index.php?rest_route=%2Fwp%2Fv2%2Fmedia&parent=4"}],"curies":[{"name":"wp","href":"https:\/\/api.w.org\/{rel}","templated":true}]}}