{"id":6,"date":"2014-11-18T14:32:37","date_gmt":"2014-11-18T17:32:37","guid":{"rendered":"http:\/\/dosporquesedonaopodeser.com\/?page_id=6"},"modified":"2022-09-05T15:10:49","modified_gmt":"2022-09-05T18:10:49","slug":"media","status":"publish","type":"page","link":"https:\/\/dosporquesedonaopodeser.com\/?page_id=6","title":{"rendered":"M\u00eddias"},"content":{"rendered":"<h3>Fotos: Pelas Ruas<\/h3>\n<div id='gallery-1' class='gallery galleryid-6 gallery-columns-3 gallery-size-thumbnail'><figure class='gallery-item'>\n\t\t\t<div class='gallery-icon landscape'>\n\t\t\t\t<a href='https:\/\/dosporquesedonaopodeser.com\/wp-content\/uploads\/dosporquesedonaopodeser_portoalegre_01.jpg'><img width=\"150\" height=\"150\" src=\"https:\/\/dosporquesedonaopodeser.com\/wp-content\/uploads\/dosporquesedonaopodeser_portoalegre_01-150x150.jpg\" class=\"attachment-thumbnail size-thumbnail\" alt=\"\" decoding=\"async\" aria-describedby=\"gallery-1-345\" loading=\"lazy\" \/><\/a>\n\t\t\t<\/div>\n\t\t\t\t<figcaption class='wp-caption-text gallery-caption' id='gallery-1-345'>\n\t\t\t\tFoto: Mariana Nunes Dutra\n\t\t\t\t<\/figcaption><\/figure><figure class='gallery-item'>\n\t\t\t<div class='gallery-icon landscape'>\n\t\t\t\t<a href='https:\/\/dosporquesedonaopodeser.com\/wp-content\/uploads\/dosporquesedonaopodeser_portoalegre_02.jpg'><img width=\"150\" height=\"150\" src=\"https:\/\/dosporquesedonaopodeser.com\/wp-content\/uploads\/dosporquesedonaopodeser_portoalegre_02-150x150.jpg\" class=\"attachment-thumbnail size-thumbnail\" alt=\"\" decoding=\"async\" aria-describedby=\"gallery-1-346\" loading=\"lazy\" \/><\/a>\n\t\t\t<\/div>\n\t\t\t\t<figcaption class='wp-caption-text gallery-caption' id='gallery-1-346'>\n\t\t\t\tFoto: Mariana Nunes Dutra\n\t\t\t\t<\/figcaption><\/figure><figure class='gallery-item'>\n\t\t\t<div class='gallery-icon landscape'>\n\t\t\t\t<a href='https:\/\/dosporquesedonaopodeser.com\/wp-content\/uploads\/dosporquesedonaopodeser_portoalegre_03.jpg'><img width=\"150\" height=\"150\" src=\"https:\/\/dosporquesedonaopodeser.com\/wp-content\/uploads\/dosporquesedonaopodeser_portoalegre_03-150x150.jpg\" class=\"attachment-thumbnail size-thumbnail\" alt=\"\" decoding=\"async\" aria-describedby=\"gallery-1-347\" loading=\"lazy\" \/><\/a>\n\t\t\t<\/div>\n\t\t\t\t<figcaption class='wp-caption-text gallery-caption' id='gallery-1-347'>\n\t\t\t\tFoto: Mariana Nunes Dutra\n\t\t\t\t<\/figcaption><\/figure><figure class='gallery-item'>\n\t\t\t<div class='gallery-icon landscape'>\n\t\t\t\t<a href='https:\/\/dosporquesedonaopodeser.com\/wp-content\/uploads\/dosporquesedonaopodeser_santos-scaled.jpg'><img width=\"150\" height=\"150\" src=\"https:\/\/dosporquesedonaopodeser.com\/wp-content\/uploads\/dosporquesedonaopodeser_santos-150x150.jpg\" class=\"attachment-thumbnail size-thumbnail\" alt=\"\" decoding=\"async\" aria-describedby=\"gallery-1-348\" loading=\"lazy\" \/><\/a>\n\t\t\t<\/div>\n\t\t\t\t<figcaption class='wp-caption-text gallery-caption' id='gallery-1-348'>\n\t\t\t\tFoto: Roney Maya\n\t\t\t\t<\/figcaption><\/figure><figure class='gallery-item'>\n\t\t\t<div class='gallery-icon landscape'>\n\t\t\t\t<a href='https:\/\/dosporquesedonaopodeser.com\/wp-content\/uploads\/dosporquesedonaopodeser_parqueindependencia_01-scaled.jpg'><img width=\"150\" height=\"150\" src=\"https:\/\/dosporquesedonaopodeser.com\/wp-content\/uploads\/dosporquesedonaopodeser_parqueindependencia_01-150x150.jpg\" class=\"attachment-thumbnail size-thumbnail\" alt=\"\" decoding=\"async\" aria-describedby=\"gallery-1-339\" loading=\"lazy\" \/><\/a>\n\t\t\t<\/div>\n\t\t\t\t<figcaption class='wp-caption-text gallery-caption' id='gallery-1-339'>\n\t\t\t\tFoto: Bassel Matar\n\t\t\t\t<\/figcaption><\/figure><figure class='gallery-item'>\n\t\t\t<div class='gallery-icon portrait'>\n\t\t\t\t<a href='https:\/\/dosporquesedonaopodeser.com\/wp-content\/uploads\/dosporquesedonaopodeser_minhocao_vertical-scaled.jpg'><img width=\"150\" height=\"150\" src=\"https:\/\/dosporquesedonaopodeser.com\/wp-content\/uploads\/dosporquesedonaopodeser_minhocao_vertical-150x150.jpg\" class=\"attachment-thumbnail size-thumbnail\" alt=\"\" decoding=\"async\" aria-describedby=\"gallery-1-338\" loading=\"lazy\" \/><\/a>\n\t\t\t<\/div>\n\t\t\t\t<figcaption class='wp-caption-text gallery-caption' id='gallery-1-338'>\n\t\t\t\tFoto: Graciana Feitosa\n\t\t\t\t<\/figcaption><\/figure><figure class='gallery-item'>\n\t\t\t<div class='gallery-icon landscape'>\n\t\t\t\t<a href='https:\/\/dosporquesedonaopodeser.com\/wp-content\/uploads\/dosporquesedonaopodeser_parqueindependencia_02-scaled.jpg'><img width=\"150\" height=\"150\" src=\"https:\/\/dosporquesedonaopodeser.com\/wp-content\/uploads\/dosporquesedonaopodeser_parqueindependencia_02-150x150.jpg\" class=\"attachment-thumbnail size-thumbnail\" alt=\"\" decoding=\"async\" aria-describedby=\"gallery-1-340\" loading=\"lazy\" \/><\/a>\n\t\t\t<\/div>\n\t\t\t\t<figcaption class='wp-caption-text gallery-caption' id='gallery-1-340'>\n\t\t\t\tFoto: Bassel Matar\n\t\t\t\t<\/figcaption><\/figure><figure class='gallery-item'>\n\t\t\t<div class='gallery-icon landscape'>\n\t\t\t\t<a href='https:\/\/dosporquesedonaopodeser.com\/wp-content\/uploads\/dosporquesedonaopodeser_parqueindependencia_03-scaled.jpg'><img width=\"150\" height=\"150\" src=\"https:\/\/dosporquesedonaopodeser.com\/wp-content\/uploads\/dosporquesedonaopodeser_parqueindependencia_03-150x150.jpg\" class=\"attachment-thumbnail size-thumbnail\" alt=\"\" decoding=\"async\" aria-describedby=\"gallery-1-341\" loading=\"lazy\" \/><\/a>\n\t\t\t<\/div>\n\t\t\t\t<figcaption class='wp-caption-text gallery-caption' id='gallery-1-341'>\n\t\t\t\tFoto: Bassel Matar\n\t\t\t\t<\/figcaption><\/figure><figure class='gallery-item'>\n\t\t\t<div class='gallery-icon landscape'>\n\t\t\t\t<a href='https:\/\/dosporquesedonaopodeser.com\/wp-content\/uploads\/dosporquesedonaopodeser_parqueindependencia_04-scaled.jpg'><img width=\"150\" height=\"150\" src=\"https:\/\/dosporquesedonaopodeser.com\/wp-content\/uploads\/dosporquesedonaopodeser_parqueindependencia_04-150x150.jpg\" class=\"attachment-thumbnail size-thumbnail\" alt=\"\" decoding=\"async\" aria-describedby=\"gallery-1-342\" loading=\"lazy\" \/><\/a>\n\t\t\t<\/div>\n\t\t\t\t<figcaption class='wp-caption-text gallery-caption' id='gallery-1-342'>\n\t\t\t\tFoto: Bassel Matar\n\t\t\t\t<\/figcaption><\/figure><figure class='gallery-item'>\n\t\t\t<div class='gallery-icon landscape'>\n\t\t\t\t<a href='https:\/\/dosporquesedonaopodeser.com\/wp-content\/uploads\/dosporquesedonaopodeser_parqueindependencia_05-scaled.jpg'><img width=\"150\" height=\"150\" src=\"https:\/\/dosporquesedonaopodeser.com\/wp-content\/uploads\/dosporquesedonaopodeser_parqueindependencia_05-150x150.jpg\" class=\"attachment-thumbnail size-thumbnail\" alt=\"\" decoding=\"async\" aria-describedby=\"gallery-1-343\" loading=\"lazy\" \/><\/a>\n\t\t\t<\/div>\n\t\t\t\t<figcaption class='wp-caption-text gallery-caption' id='gallery-1-343'>\n\t\t\t\tFoto: Bassel Matar\n\t\t\t\t<\/figcaption><\/figure><figure class='gallery-item'>\n\t\t\t<div class='gallery-icon landscape'>\n\t\t\t\t<a href='https:\/\/dosporquesedonaopodeser.com\/wp-content\/uploads\/dosporquesedonaopodeser_parqueindependencia_06-scaled.jpg'><img width=\"150\" height=\"150\" src=\"https:\/\/dosporquesedonaopodeser.com\/wp-content\/uploads\/dosporquesedonaopodeser_parqueindependencia_06-150x150.jpg\" class=\"attachment-thumbnail size-thumbnail\" alt=\"\" decoding=\"async\" aria-describedby=\"gallery-1-344\" loading=\"lazy\" \/><\/a>\n\t\t\t<\/div>\n\t\t\t\t<figcaption class='wp-caption-text gallery-caption' id='gallery-1-344'>\n\t\t\t\tFoto: Bassel Matar\n\t\t\t\t<\/figcaption><\/figure><figure class='gallery-item'>\n\t\t\t<div class='gallery-icon landscape'>\n\t\t\t\t<a href='https:\/\/dosporquesedonaopodeser.com\/wp-content\/uploads\/dosporquesedonaopodeser_largodoarouche-scaled.jpg'><img width=\"150\" height=\"150\" src=\"https:\/\/dosporquesedonaopodeser.com\/wp-content\/uploads\/dosporquesedonaopodeser_largodoarouche-150x150.jpg\" class=\"attachment-thumbnail size-thumbnail\" alt=\"\" decoding=\"async\" aria-describedby=\"gallery-1-337\" loading=\"lazy\" \/><\/a>\n\t\t\t<\/div>\n\t\t\t\t<figcaption class='wp-caption-text gallery-caption' id='gallery-1-337'>\n\t\t\t\tFoto: Roney Maya\n\t\t\t\t<\/figcaption><\/figure>\n\t\t<\/div>\n\n<h3>Fotos: Palco<\/h3>\n<div id='gallery-2' class='gallery galleryid-6 gallery-columns-3 gallery-size-thumbnail'><figure class='gallery-item'>\n\t\t\t<div class='gallery-icon landscape'>\n\t\t\t\t<a href='https:\/\/dosporquesedonaopodeser.com\/wp-content\/uploads\/20220625_Dos-porques-e-do-nao-pode-ser_VOCUPACENA_28.jpg'><img width=\"150\" height=\"150\" src=\"https:\/\/dosporquesedonaopodeser.com\/wp-content\/uploads\/20220625_Dos-porques-e-do-nao-pode-ser_VOCUPACENA_28-150x150.jpg\" class=\"attachment-thumbnail size-thumbnail\" alt=\"\" decoding=\"async\" aria-describedby=\"gallery-2-431\" loading=\"lazy\" \/><\/a>\n\t\t\t<\/div>\n\t\t\t\t<figcaption class='wp-caption-text gallery-caption' id='gallery-2-431'>\n\t\t\t\tV FESTIVAL OCUPACENA\nRealiza\u00e7\u00e3o: Coletivo Valsa Pra Lua\nFoto: Bruna Quevedo\n\t\t\t\t<\/figcaption><\/figure><figure class='gallery-item'>\n\t\t\t<div class='gallery-icon landscape'>\n\t\t\t\t<a href='https:\/\/dosporquesedonaopodeser.com\/wp-content\/uploads\/20220625_Dos-porques-e-do-nao-pode-ser_VOCUPACENA_41-2.jpg'><img width=\"150\" height=\"150\" src=\"https:\/\/dosporquesedonaopodeser.com\/wp-content\/uploads\/20220625_Dos-porques-e-do-nao-pode-ser_VOCUPACENA_41-2-150x150.jpg\" class=\"attachment-thumbnail size-thumbnail\" alt=\"\" decoding=\"async\" aria-describedby=\"gallery-2-428\" loading=\"lazy\" srcset=\"https:\/\/dosporquesedonaopodeser.com\/wp-content\/uploads\/20220625_Dos-porques-e-do-nao-pode-ser_VOCUPACENA_41-2-150x150.jpg 150w, https:\/\/dosporquesedonaopodeser.com\/wp-content\/uploads\/20220625_Dos-porques-e-do-nao-pode-ser_VOCUPACENA_41-2-300x300.jpg 300w, https:\/\/dosporquesedonaopodeser.com\/wp-content\/uploads\/20220625_Dos-porques-e-do-nao-pode-ser_VOCUPACENA_41-2-1024x1024.jpg 1024w, https:\/\/dosporquesedonaopodeser.com\/wp-content\/uploads\/20220625_Dos-porques-e-do-nao-pode-ser_VOCUPACENA_41-2-1536x1536.jpg 1536w, https:\/\/dosporquesedonaopodeser.com\/wp-content\/uploads\/20220625_Dos-porques-e-do-nao-pode-ser_VOCUPACENA_41-2.jpg 2048w\" sizes=\"(max-width: 150px) 100vw, 150px\" \/><\/a>\n\t\t\t<\/div>\n\t\t\t\t<figcaption class='wp-caption-text gallery-caption' id='gallery-2-428'>\n\t\t\t\tV FESTIVAL OCUPACENA\nRealiza\u00e7\u00e3o: Coletivo Valsa Pra Lua\nFoto: Bruna Quevedo\n\t\t\t\t<\/figcaption><\/figure><figure class='gallery-item'>\n\t\t\t<div class='gallery-icon landscape'>\n\t\t\t\t<a href='https:\/\/dosporquesedonaopodeser.com\/wp-content\/uploads\/20220625_Dos-porques-e-do-nao-pode-ser_VOCUPACENA_09.jpg'><img width=\"150\" height=\"150\" src=\"https:\/\/dosporquesedonaopodeser.com\/wp-content\/uploads\/20220625_Dos-porques-e-do-nao-pode-ser_VOCUPACENA_09-150x150.jpg\" class=\"attachment-thumbnail size-thumbnail\" alt=\"\" decoding=\"async\" aria-describedby=\"gallery-2-430\" loading=\"lazy\" srcset=\"https:\/\/dosporquesedonaopodeser.com\/wp-content\/uploads\/20220625_Dos-porques-e-do-nao-pode-ser_VOCUPACENA_09-150x150.jpg 150w, https:\/\/dosporquesedonaopodeser.com\/wp-content\/uploads\/20220625_Dos-porques-e-do-nao-pode-ser_VOCUPACENA_09-300x300.jpg 300w, https:\/\/dosporquesedonaopodeser.com\/wp-content\/uploads\/20220625_Dos-porques-e-do-nao-pode-ser_VOCUPACENA_09-1024x1024.jpg 1024w, https:\/\/dosporquesedonaopodeser.com\/wp-content\/uploads\/20220625_Dos-porques-e-do-nao-pode-ser_VOCUPACENA_09-1536x1536.jpg 1536w, https:\/\/dosporquesedonaopodeser.com\/wp-content\/uploads\/20220625_Dos-porques-e-do-nao-pode-ser_VOCUPACENA_09.jpg 2048w\" sizes=\"(max-width: 150px) 100vw, 150px\" \/><\/a>\n\t\t\t<\/div>\n\t\t\t\t<figcaption class='wp-caption-text gallery-caption' id='gallery-2-430'>\n\t\t\t\tV FESTIVAL OCUPACENA\nRealiza\u00e7\u00e3o: Coletivo Valsa Pra Lua\nFoto: Bruna Quevedo\n\t\t\t\t<\/figcaption><\/figure><figure class='gallery-item'>\n\t\t\t<div class='gallery-icon landscape'>\n\t\t\t\t<a href='https:\/\/dosporquesedonaopodeser.com\/wp-content\/uploads\/20220625_Dos-porques-e-do-nao-pode-ser_VOCUPACENA_08.jpg'><img width=\"150\" height=\"150\" src=\"https:\/\/dosporquesedonaopodeser.com\/wp-content\/uploads\/20220625_Dos-porques-e-do-nao-pode-ser_VOCUPACENA_08-150x150.jpg\" class=\"attachment-thumbnail size-thumbnail\" alt=\"\" decoding=\"async\" aria-describedby=\"gallery-2-429\" loading=\"lazy\" \/><\/a>\n\t\t\t<\/div>\n\t\t\t\t<figcaption class='wp-caption-text gallery-caption' id='gallery-2-429'>\n\t\t\t\tV FESTIVAL OCUPACENA\nRealiza\u00e7\u00e3o: Coletivo Valsa Pra Lua\nFoto: Bruna Quevedo\n\t\t\t\t<\/figcaption><\/figure><figure class='gallery-item'>\n\t\t\t<div class='gallery-icon landscape'>\n\t\t\t\t<a href='https:\/\/dosporquesedonaopodeser.com\/wp-content\/uploads\/20220625_Dos-porques-e-do-nao-pode-ser_VOCUPACENA_47.jpg'><img width=\"150\" height=\"150\" src=\"https:\/\/dosporquesedonaopodeser.com\/wp-content\/uploads\/20220625_Dos-porques-e-do-nao-pode-ser_VOCUPACENA_47-150x150.jpg\" class=\"attachment-thumbnail size-thumbnail\" alt=\"\" decoding=\"async\" aria-describedby=\"gallery-2-433\" loading=\"lazy\" \/><\/a>\n\t\t\t<\/div>\n\t\t\t\t<figcaption class='wp-caption-text gallery-caption' id='gallery-2-433'>\n\t\t\t\tV FESTIVAL OCUPACENA\nRealiza\u00e7\u00e3o: Coletivo Valsa Pra Lua\nFoto: Bruna Quevedo\n\t\t\t\t<\/figcaption><\/figure><figure class='gallery-item'>\n\t\t\t<div class='gallery-icon landscape'>\n\t\t\t\t<a href='https:\/\/dosporquesedonaopodeser.com\/wp-content\/uploads\/dosporquesedonaopodeser_dad_01.jpg'><img width=\"150\" height=\"150\" src=\"https:\/\/dosporquesedonaopodeser.com\/wp-content\/uploads\/dosporquesedonaopodeser_dad_01-150x150.jpg\" class=\"attachment-thumbnail size-thumbnail\" alt=\"\" decoding=\"async\" aria-describedby=\"gallery-2-364\" loading=\"lazy\" \/><\/a>\n\t\t\t<\/div>\n\t\t\t\t<figcaption class='wp-caption-text gallery-caption' id='gallery-2-364'>\n\t\t\t\tFoto: Rodrigo Mathias Duro Teixeira\n\t\t\t\t<\/figcaption><\/figure><figure class='gallery-item'>\n\t\t\t<div class='gallery-icon landscape'>\n\t\t\t\t<a href='https:\/\/dosporquesedonaopodeser.com\/wp-content\/uploads\/dosporquesedonaopodeser_dad_02.jpg'><img width=\"150\" height=\"150\" src=\"https:\/\/dosporquesedonaopodeser.com\/wp-content\/uploads\/dosporquesedonaopodeser_dad_02-150x150.jpg\" class=\"attachment-thumbnail size-thumbnail\" alt=\"\" decoding=\"async\" aria-describedby=\"gallery-2-365\" loading=\"lazy\" \/><\/a>\n\t\t\t<\/div>\n\t\t\t\t<figcaption class='wp-caption-text gallery-caption' id='gallery-2-365'>\n\t\t\t\tFoto: Rodrigo Mathias Duro Teixeira\n\t\t\t\t<\/figcaption><\/figure><figure class='gallery-item'>\n\t\t\t<div class='gallery-icon portrait'>\n\t\t\t\t<a href='https:\/\/dosporquesedonaopodeser.com\/wp-content\/uploads\/dosporquesedonaopodeser_dad_03.jpg'><img width=\"150\" height=\"150\" src=\"https:\/\/dosporquesedonaopodeser.com\/wp-content\/uploads\/dosporquesedonaopodeser_dad_03-150x150.jpg\" class=\"attachment-thumbnail size-thumbnail\" alt=\"\" decoding=\"async\" aria-describedby=\"gallery-2-366\" loading=\"lazy\" \/><\/a>\n\t\t\t<\/div>\n\t\t\t\t<figcaption class='wp-caption-text gallery-caption' id='gallery-2-366'>\n\t\t\t\tFoto: Rodrigo Mathias Duro Teixeira\n\t\t\t\t<\/figcaption><\/figure><figure class='gallery-item'>\n\t\t\t<div class='gallery-icon landscape'>\n\t\t\t\t<a href='https:\/\/dosporquesedonaopodeser.com\/wp-content\/uploads\/2014\/11\/PICT01661.jpg'><img width=\"150\" height=\"150\" src=\"https:\/\/dosporquesedonaopodeser.com\/wp-content\/uploads\/2014\/11\/PICT01661-150x150.jpg\" class=\"attachment-thumbnail size-thumbnail\" alt=\"\" decoding=\"async\" aria-describedby=\"gallery-2-8\" loading=\"lazy\" \/><\/a>\n\t\t\t<\/div>\n\t\t\t\t<figcaption class='wp-caption-text gallery-caption' id='gallery-2-8'>\n\t\t\t\tShot: Rodrigo Mathias Duro Teixeira\n\t\t\t\t<\/figcaption><\/figure>\n\t\t<\/div>\n\n<h3 style=\"margin-bottom: 20px;\">V\u00eddeos<\/h3>\n<p><iframe loading=\"lazy\" title=\"Youtube Player do v\u00eddeo do espet\u00e1culo Dos Porqu\u00eas e Do N\u00e3o-Pode-Ser performado por Renan Bleast\u00e8 na cena chamada Confian\u00e7a com legendas em portugu\u00eas na tela\" src=\"https:\/\/www.youtube.com\/embed\/QHo0etXRSsY\" width=\"560\" height=\"298\" frameborder=\"0\" allowfullscreen=\"allowfullscreen\"><\/iframe><\/p>\n<p><iframe loading=\"lazy\" title=\"Youtube Player do v\u00eddeo de teaser do espet\u00e1culo Dos Porqu\u00eas e Do N\u00e3o-Pode-Ser performado por Renan Bleast\u00e8\" src=\"https:\/\/www.youtube.com\/embed\/jbKezgQTm28\" width=\"560\" height=\"298\" frameborder=\"0\" allowfullscreen=\"allowfullscreen\"><\/iframe><\/p>\n<p><iframe loading=\"lazy\" title=\"Youtube Player do v\u00eddeo do espet\u00e1culo Dos Porqu\u00eas e Do N\u00e3o-Pode-Ser performado por Renan Bleast\u00e8 na cena chamada Ai, ai, ai! com legendas em portugu\u00eas na tela\" src=\"https:\/\/www.youtube.com\/embed\/8xXo4Z9n2jQ\" width=\"560\" height=\"298\" frameborder=\"0\" allowfullscreen=\"allowfullscreen\"><\/iframe><\/p>\n<div class=\"fb-video\" data-href=\"https:\/\/www.facebook.com\/dosporquesedonaopodeser\/videos\/975682115830496\/\" data-width=\"600\" data-show-text=\"false\">\n<blockquote class=\"fb-xfbml-parse-ignore\" cite=\"https:\/\/www.facebook.com\/dosporquesedonaopodeser\/videos\/975682115830496\/\">\n<p>um trechinho de uma das apresenta\u00e7\u00f5es na paulista.<\/p>\n<p>Posted by <a href=\"https:\/\/www.facebook.com\/dosporquesedonaopodeser\/\">Dos Porqu\u00eas e Do N\u00e3o-Pode-Ser<\/a> on Wednesday, March 2, 2016<\/p><\/blockquote>\n<\/div>\n<div class=\"embed-vimeo\" style=\"text-align: center;\"><iframe loading=\"lazy\" src=\"https:\/\/player.vimeo.com\/video\/13325489\" width=\"600\" height=\"338\" frameborder=\"0\" webkitallowfullscreen mozallowfullscreen allowfullscreen><\/iframe><\/div>\n","protected":false},"excerpt":{"rendered":"<p>Fotos: Pelas Ruas Fotos: Palco V\u00eddeos um trechinho de uma das apresenta\u00e7\u00f5es na paulista. Posted by Dos Porqu\u00eas e Do N\u00e3o-Pode-Ser on Wednesday, March 2, 2016<\/p>\n","protected":false},"author":1,"featured_media":0,"parent":0,"menu_order":0,"comment_status":"closed","ping_status":"closed","template":"","meta":{"jetpack_post_was_ever_published":false,"footnotes":""},"jetpack_sharing_enabled":true,"jetpack_shortlink":"https:\/\/wp.me\/P5duWH-6","_links":{"self":[{"href":"https:\/\/dosporquesedonaopodeser.com\/index.php?rest_route=\/wp\/v2\/pages\/6"}],"collection":[{"href":"https:\/\/dosporquesedonaopodeser.com\/index.php?rest_route=\/wp\/v2\/pages"}],"about":[{"href":"https:\/\/dosporquesedonaopodeser.com\/index.php?rest_route=\/wp\/v2\/types\/page"}],"author":[{"embeddable":true,"href":"https:\/\/dosporquesedonaopodeser.com\/index.php?rest_route=\/wp\/v2\/users\/1"}],"replies":[{"embeddable":true,"href":"https:\/\/dosporquesedonaopodeser.com\/index.php?rest_route=%2Fwp%2Fv2%2Fcomments&post=6"}],"version-history":[{"count":19,"href":"https:\/\/dosporquesedonaopodeser.com\/index.php?rest_route=\/wp\/v2\/pages\/6\/revisions"}],"predecessor-version":[{"id":447,"href":"https:\/\/dosporquesedonaopodeser.com\/index.php?rest_route=\/wp\/v2\/pages\/6\/revisions\/447"}],"wp:attachment":[{"href":"https:\/\/dosporquesedonaopodeser.com\/index.php?rest_route=%2Fwp%2Fv2%2Fmedia&parent=6"}],"curies":[{"name":"wp","href":"https:\/\/api.w.org\/{rel}","templated":true}]}}